{"id":3305,"date":"2023-11-28T14:20:15","date_gmt":"2023-11-28T14:20:15","guid":{"rendered":"https:\/\/edutalent.es\/docs\/com-activar-lembed-a-la-meva-web\/"},"modified":"2024-12-14T08:40:15","modified_gmt":"2024-12-14T08:40:15","password":"","slug":"com-activar-lembed-a-la-meva-web","status":"publish","type":"docs","link":"https:\/\/edutalent.es\/ca\/docs\/com-activar-lembed-a-la-meva-web\/","title":{"rendered":"Com activar l&#8217;embed a la meva web"},"content":{"rendered":"\n<p>Si voleu gestionar la captaci\u00f3 de curr\u00edculums de docents i ordenar-los de manera clara, l&#8217;embed \u00e9s ideal.<\/p>\n\n<p>Amb afegir un codi a la p\u00e0gina web \u00e9s suficient per comen\u00e7ar a veure tots els candidats que capteu a la nostra plataforma sense necessitat d&#8217;ordenar, classificar i esborrar arribat el moment. Tot aix\u00f2 comptant amb la nostra funcionalitat de mails i WhatsApp als candidats, amb qu\u00e8 mantenim la teva llista completament actualitzada i complint amb la LOPD.<\/p>\n\n<h2 class=\"wp-block-heading\">Com s&#8217;hi instal\u00b7la?<\/h2>\n\n<p>El primer, si necessites ajuda demana-la sense problema, pots reservar cita <strong><a href=\"https:\/\/edutalent.es\/reserva-una-llamada\/\">aqu\u00ed<\/a><\/strong> .<\/p>\n\n<p>\u00c9s molt senzill, si vas al teu compte d&#8217;Edutalent veur\u00e0s el seg\u00fcent apartat:<\/p>\n\n<figure class=\"wp-block-image aligncenter size-full\"><img fetchpriority=\"high\" decoding=\"async\" width=\"274\" height=\"251\" src=\"https:\/\/edutalent.es\/wp-content\/uploads\/2023\/11\/embed-edutalent.png\" alt=\"\" class=\"wp-image-2244\"\/><\/figure>\n\n<p>Aqu\u00ed \u00e9s on podr\u00e0s agafar el codi inferior (Codi per posar a la teva web), un cop copiat vas a l&#8217;editor de WordPress i tries la p\u00e0gina d&#8217;ocupaci\u00f3.<\/p>\n\n<p>De forma simple canvies el formulari de contacte pel nostre codi a l&#8217;apartat d&#8217;HTML personalitzat:<\/p>\n\n<figure class=\"wp-block-image aligncenter size-full\"><img decoding=\"async\" width=\"800\" height=\"340\" src=\"https:\/\/edutalent.es\/wp-content\/uploads\/2023\/11\/embed.png\" alt=\"\" class=\"wp-image-2245\" srcset=\"https:\/\/edutalent.es\/wp-content\/uploads\/2023\/11\/embed.png 800w, https:\/\/edutalent.es\/wp-content\/uploads\/2023\/11\/embed-600x255.png 600w, https:\/\/edutalent.es\/wp-content\/uploads\/2023\/11\/embed-300x128.png 300w, https:\/\/edutalent.es\/wp-content\/uploads\/2023\/11\/embed-768x326.png 768w\" sizes=\"(max-width: 800px) 100vw, 800px\" \/><\/figure>\n\n<p>I ho afegeixes:<\/p>\n\n<figure class=\"wp-block-image aligncenter size-full\"><img decoding=\"async\" width=\"600\" height=\"160\" src=\"https:\/\/edutalent.es\/wp-content\/uploads\/2023\/11\/how-to-embed.png\" alt=\"\" class=\"wp-image-2246\" srcset=\"https:\/\/edutalent.es\/wp-content\/uploads\/2023\/11\/how-to-embed.png 600w, https:\/\/edutalent.es\/wp-content\/uploads\/2023\/11\/how-to-embed-300x80.png 300w\" sizes=\"(max-width: 600px) 100vw, 600px\" \/><\/figure>\n\n<p>I aix\u00ed \u00e9s com es veur\u00e0 el teu embed:<\/p>\n\n<figure class=\"wp-block-image aligncenter size-full\"><img loading=\"lazy\" decoding=\"async\" width=\"800\" height=\"474\" src=\"https:\/\/edutalent.es\/wp-content\/uploads\/2023\/11\/activar-embed.png\" alt=\"\" class=\"wp-image-2243\" srcset=\"https:\/\/edutalent.es\/wp-content\/uploads\/2023\/11\/activar-embed.png 800w, https:\/\/edutalent.es\/wp-content\/uploads\/2023\/11\/activar-embed-600x356.png 600w, https:\/\/edutalent.es\/wp-content\/uploads\/2023\/11\/activar-embed-300x178.png 300w, https:\/\/edutalent.es\/wp-content\/uploads\/2023\/11\/activar-embed-768x455.png 768w\" sizes=\"(max-width: 800px) 100vw, 800px\" \/><\/figure>\n\n<p>Si necessites ajuda amb aquest punt no tens m\u00e9s que demanar-nos-ho \ud83d\ude42<\/p>\n","protected":false},"excerpt":{"rendered":"<p>Si voleu gestionar la captaci\u00f3 de curr\u00edculums de docents i ordenar-los de manera clara, l&#8217;embed \u00e9s ideal. Amb afegir un codi a la p\u00e0gina web \u00e9s suficient per comen\u00e7ar a veure tots els candidats que capteu a la nostra plataforma sense necessitat d&#8217;ordenar, classificar i esborrar arribat el moment. Tot aix\u00f2 comptant amb la nostra [&hellip;]<\/p>\n","protected":false},"author":2,"featured_media":0,"comment_status":"open","ping_status":"closed","template":"","meta":{"site-sidebar-layout":"default","site-content-layout":"","ast-site-content-layout":"default","site-content-style":"default","site-sidebar-style":"default","ast-global-header-display":"","ast-banner-title-visibility":"","ast-main-header-display":"","ast-hfb-above-header-display":"","ast-hfb-below-header-display":"","ast-hfb-mobile-header-display":"","site-post-title":"","ast-breadcrumbs-content":"","ast-featured-img":"","footer-sml-layout":"","theme-transparent-header-meta":"","adv-header-id-meta":"","stick-header-meta":"","header-above-stick-meta":"","header-main-stick-meta":"","header-below-stick-meta":"","astra-migrate-meta-layouts":"default","ast-page-background-enabled":"default","ast-page-background-meta":{"desktop":{"background-color":"var(--ast-global-color-4)","background-image":"","background-repeat":"repeat","background-position":"center center","background-size":"auto","background-attachment":"scroll","background-type":"","background-media":"","overlay-type":"","overlay-color":"","overlay-opacity":"","overlay-gradient":""},"tablet":{"background-color":"","background-image":"","background-repeat":"repeat","background-position":"center center","background-size":"auto","background-attachment":"scroll","background-type":"","background-media":"","overlay-type":"","overlay-color":"","overlay-opacity":"","overlay-gradient":""},"mobile":{"background-color":"","background-image":"","background-repeat":"repeat","background-position":"center center","background-size":"auto","background-attachment":"scroll","background-type":"","background-media":"","overlay-type":"","overlay-color":"","overlay-opacity":"","overlay-gradient":""}},"ast-content-background-meta":{"desktop":{"background-color":"var(--ast-global-color-5)","background-image":"","background-repeat":"repeat","background-position":"center center","background-size":"auto","background-attachment":"scroll","background-type":"","background-media":"","overlay-type":"","overlay-color":"","overlay-opacity":"","overlay-gradient":""},"tablet":{"background-color":"var(--ast-global-color-5)","background-image":"","background-repeat":"repeat","background-position":"center center","background-size":"auto","background-attachment":"scroll","background-type":"","background-media":"","overlay-type":"","overlay-color":"","overlay-opacity":"","overlay-gradient":""},"mobile":{"background-color":"var(--ast-global-color-5)","background-image":"","background-repeat":"repeat","background-position":"center center","background-size":"auto","background-attachment":"scroll","background-type":"","background-media":"","overlay-type":"","overlay-color":"","overlay-opacity":"","overlay-gradient":""}},"footnotes":""},"doc_category":[54],"doc_tag":[],"class_list":["post-3305","docs","type-docs","status-publish","hentry","doc_category-collegis"],"year_month":"2026-04","word_count":178,"total_views":0,"reactions":{"happy":0,"normal":0,"sad":0},"author_info":{"name":"Edutalent","author_nicename":"edutalent","author_url":"https:\/\/edutalent.es\/ca\/author\/edutalent\/"},"doc_category_info":[{"term_name":"Col\u00b7legis","term_url":"https:\/\/edutalent.es\/ca\/ayuda\/col%c2%b7legis\/"}],"doc_tag_info":[],"yoast_head":"<!-- This site is optimized with the Yoast SEO plugin v27.4 - https:\/\/yoast.com\/product\/yoast-seo-wordpress\/ -->\n<title>Com activar l&#039;embed a la meva web - Edutalent<\/title>\n<meta name=\"robots\" content=\"index, follow, max-snippet:-1, max-image-preview:large, max-video-preview:-1\" \/>\n<link rel=\"canonical\" href=\"https:\/\/edutalent.es\/ca\/docs\/com-activar-lembed-a-la-meva-web\/\" \/>\n<meta property=\"og:locale\" content=\"ca_ES\" \/>\n<meta property=\"og:type\" content=\"article\" \/>\n<meta property=\"og:title\" content=\"Com activar l&#039;embed a la meva web - Edutalent\" \/>\n<meta property=\"og:description\" content=\"Si voleu gestionar la captaci\u00f3 de curr\u00edculums de docents i ordenar-los de manera clara, l&#8217;embed \u00e9s ideal. Amb afegir un codi a la p\u00e0gina web \u00e9s suficient per comen\u00e7ar a veure tots els candidats que capteu a la nostra plataforma sense necessitat d&#8217;ordenar, classificar i esborrar arribat el moment. Tot aix\u00f2 comptant amb la nostra [&hellip;]\" \/>\n<meta property=\"og:url\" content=\"https:\/\/edutalent.es\/ca\/docs\/com-activar-lembed-a-la-meva-web\/\" \/>\n<meta property=\"og:site_name\" content=\"Edutalent\" \/>\n<meta property=\"article:modified_time\" content=\"2024-12-14T08:40:15+00:00\" \/>\n<meta property=\"og:image\" content=\"https:\/\/edutalent.es\/wp-content\/uploads\/2023\/11\/embed-edutalent.png\" \/>\n<meta name=\"twitter:card\" content=\"summary_large_image\" \/>\n<meta name=\"twitter:label1\" content=\"Temps estimat de lectura\" \/>\n\t<meta name=\"twitter:data1\" content=\"1 minut\" \/>\n<script type=\"application\/ld+json\" class=\"yoast-schema-graph\">{\"@context\":\"https:\\\/\\\/schema.org\",\"@graph\":[{\"@type\":\"WebPage\",\"@id\":\"https:\\\/\\\/edutalent.es\\\/ca\\\/docs\\\/com-activar-lembed-a-la-meva-web\\\/\",\"url\":\"https:\\\/\\\/edutalent.es\\\/ca\\\/docs\\\/com-activar-lembed-a-la-meva-web\\\/\",\"name\":\"Com activar l'embed a la meva web - Edutalent\",\"isPartOf\":{\"@id\":\"https:\\\/\\\/edutalent.es\\\/ca\\\/#website\"},\"primaryImageOfPage\":{\"@id\":\"https:\\\/\\\/edutalent.es\\\/ca\\\/docs\\\/com-activar-lembed-a-la-meva-web\\\/#primaryimage\"},\"image\":{\"@id\":\"https:\\\/\\\/edutalent.es\\\/ca\\\/docs\\\/com-activar-lembed-a-la-meva-web\\\/#primaryimage\"},\"thumbnailUrl\":\"https:\\\/\\\/edutalent.es\\\/wp-content\\\/uploads\\\/2023\\\/11\\\/embed-edutalent.png\",\"datePublished\":\"2023-11-28T14:20:15+00:00\",\"dateModified\":\"2024-12-14T08:40:15+00:00\",\"breadcrumb\":{\"@id\":\"https:\\\/\\\/edutalent.es\\\/ca\\\/docs\\\/com-activar-lembed-a-la-meva-web\\\/#breadcrumb\"},\"inLanguage\":\"ca\",\"potentialAction\":[{\"@type\":\"ReadAction\",\"target\":[\"https:\\\/\\\/edutalent.es\\\/ca\\\/docs\\\/com-activar-lembed-a-la-meva-web\\\/\"]}]},{\"@type\":\"ImageObject\",\"inLanguage\":\"ca\",\"@id\":\"https:\\\/\\\/edutalent.es\\\/ca\\\/docs\\\/com-activar-lembed-a-la-meva-web\\\/#primaryimage\",\"url\":\"https:\\\/\\\/edutalent.es\\\/wp-content\\\/uploads\\\/2023\\\/11\\\/embed-edutalent.png\",\"contentUrl\":\"https:\\\/\\\/edutalent.es\\\/wp-content\\\/uploads\\\/2023\\\/11\\\/embed-edutalent.png\"},{\"@type\":\"BreadcrumbList\",\"@id\":\"https:\\\/\\\/edutalent.es\\\/ca\\\/docs\\\/com-activar-lembed-a-la-meva-web\\\/#breadcrumb\",\"itemListElement\":[{\"@type\":\"ListItem\",\"position\":1,\"name\":\"Portada\",\"item\":\"https:\\\/\\\/edutalent.es\\\/ca\\\/\"},{\"@type\":\"ListItem\",\"position\":2,\"name\":\"Docs\",\"item\":\"https:\\\/\\\/edutalent.es\\\/ca\\\/docs\\\/\"},{\"@type\":\"ListItem\",\"position\":3,\"name\":\"Com activar l&#8217;embed a la meva web\"}]},{\"@type\":\"WebSite\",\"@id\":\"https:\\\/\\\/edutalent.es\\\/ca\\\/#website\",\"url\":\"https:\\\/\\\/edutalent.es\\\/ca\\\/\",\"name\":\"Edutalent\",\"description\":\"SaaS application company\",\"publisher\":{\"@id\":\"https:\\\/\\\/edutalent.es\\\/ca\\\/#organization\"},\"potentialAction\":[{\"@type\":\"SearchAction\",\"target\":{\"@type\":\"EntryPoint\",\"urlTemplate\":\"https:\\\/\\\/edutalent.es\\\/ca\\\/?s={search_term_string}\"},\"query-input\":{\"@type\":\"PropertyValueSpecification\",\"valueRequired\":true,\"valueName\":\"search_term_string\"}}],\"inLanguage\":\"ca\"},{\"@type\":\"Organization\",\"@id\":\"https:\\\/\\\/edutalent.es\\\/ca\\\/#organization\",\"name\":\"Edutalent\",\"url\":\"https:\\\/\\\/edutalent.es\\\/ca\\\/\",\"logo\":{\"@type\":\"ImageObject\",\"inLanguage\":\"ca\",\"@id\":\"https:\\\/\\\/edutalent.es\\\/ca\\\/#\\\/schema\\\/logo\\\/image\\\/\",\"url\":\"https:\\\/\\\/edutalent.es\\\/wp-content\\\/uploads\\\/2023\\\/05\\\/logo-edutalent.png\",\"contentUrl\":\"https:\\\/\\\/edutalent.es\\\/wp-content\\\/uploads\\\/2023\\\/05\\\/logo-edutalent.png\",\"width\":418,\"height\":103,\"caption\":\"Edutalent\"},\"image\":{\"@id\":\"https:\\\/\\\/edutalent.es\\\/ca\\\/#\\\/schema\\\/logo\\\/image\\\/\"},\"sameAs\":[\"https:\\\/\\\/www.instagram.com\\\/edutalent.es\\\/\"]}]}<\/script>\n<!-- \/ Yoast SEO plugin. -->","yoast_head_json":{"title":"Com activar l'embed a la meva web - Edutalent","robots":{"index":"index","follow":"follow","max-snippet":"max-snippet:-1","max-image-preview":"max-image-preview:large","max-video-preview":"max-video-preview:-1"},"canonical":"https:\/\/edutalent.es\/ca\/docs\/com-activar-lembed-a-la-meva-web\/","og_locale":"ca_ES","og_type":"article","og_title":"Com activar l'embed a la meva web - Edutalent","og_description":"Si voleu gestionar la captaci\u00f3 de curr\u00edculums de docents i ordenar-los de manera clara, l&#8217;embed \u00e9s ideal. Amb afegir un codi a la p\u00e0gina web \u00e9s suficient per comen\u00e7ar a veure tots els candidats que capteu a la nostra plataforma sense necessitat d&#8217;ordenar, classificar i esborrar arribat el moment. Tot aix\u00f2 comptant amb la nostra [&hellip;]","og_url":"https:\/\/edutalent.es\/ca\/docs\/com-activar-lembed-a-la-meva-web\/","og_site_name":"Edutalent","article_modified_time":"2024-12-14T08:40:15+00:00","og_image":[{"url":"https:\/\/edutalent.es\/wp-content\/uploads\/2023\/11\/embed-edutalent.png","type":"","width":"","height":""}],"twitter_card":"summary_large_image","twitter_misc":{"Temps estimat de lectura":"1 minut"},"schema":{"@context":"https:\/\/schema.org","@graph":[{"@type":"WebPage","@id":"https:\/\/edutalent.es\/ca\/docs\/com-activar-lembed-a-la-meva-web\/","url":"https:\/\/edutalent.es\/ca\/docs\/com-activar-lembed-a-la-meva-web\/","name":"Com activar l'embed a la meva web - Edutalent","isPartOf":{"@id":"https:\/\/edutalent.es\/ca\/#website"},"primaryImageOfPage":{"@id":"https:\/\/edutalent.es\/ca\/docs\/com-activar-lembed-a-la-meva-web\/#primaryimage"},"image":{"@id":"https:\/\/edutalent.es\/ca\/docs\/com-activar-lembed-a-la-meva-web\/#primaryimage"},"thumbnailUrl":"https:\/\/edutalent.es\/wp-content\/uploads\/2023\/11\/embed-edutalent.png","datePublished":"2023-11-28T14:20:15+00:00","dateModified":"2024-12-14T08:40:15+00:00","breadcrumb":{"@id":"https:\/\/edutalent.es\/ca\/docs\/com-activar-lembed-a-la-meva-web\/#breadcrumb"},"inLanguage":"ca","potentialAction":[{"@type":"ReadAction","target":["https:\/\/edutalent.es\/ca\/docs\/com-activar-lembed-a-la-meva-web\/"]}]},{"@type":"ImageObject","inLanguage":"ca","@id":"https:\/\/edutalent.es\/ca\/docs\/com-activar-lembed-a-la-meva-web\/#primaryimage","url":"https:\/\/edutalent.es\/wp-content\/uploads\/2023\/11\/embed-edutalent.png","contentUrl":"https:\/\/edutalent.es\/wp-content\/uploads\/2023\/11\/embed-edutalent.png"},{"@type":"BreadcrumbList","@id":"https:\/\/edutalent.es\/ca\/docs\/com-activar-lembed-a-la-meva-web\/#breadcrumb","itemListElement":[{"@type":"ListItem","position":1,"name":"Portada","item":"https:\/\/edutalent.es\/ca\/"},{"@type":"ListItem","position":2,"name":"Docs","item":"https:\/\/edutalent.es\/ca\/docs\/"},{"@type":"ListItem","position":3,"name":"Com activar l&#8217;embed a la meva web"}]},{"@type":"WebSite","@id":"https:\/\/edutalent.es\/ca\/#website","url":"https:\/\/edutalent.es\/ca\/","name":"Edutalent","description":"SaaS application company","publisher":{"@id":"https:\/\/edutalent.es\/ca\/#organization"},"potentialAction":[{"@type":"SearchAction","target":{"@type":"EntryPoint","urlTemplate":"https:\/\/edutalent.es\/ca\/?s={search_term_string}"},"query-input":{"@type":"PropertyValueSpecification","valueRequired":true,"valueName":"search_term_string"}}],"inLanguage":"ca"},{"@type":"Organization","@id":"https:\/\/edutalent.es\/ca\/#organization","name":"Edutalent","url":"https:\/\/edutalent.es\/ca\/","logo":{"@type":"ImageObject","inLanguage":"ca","@id":"https:\/\/edutalent.es\/ca\/#\/schema\/logo\/image\/","url":"https:\/\/edutalent.es\/wp-content\/uploads\/2023\/05\/logo-edutalent.png","contentUrl":"https:\/\/edutalent.es\/wp-content\/uploads\/2023\/05\/logo-edutalent.png","width":418,"height":103,"caption":"Edutalent"},"image":{"@id":"https:\/\/edutalent.es\/ca\/#\/schema\/logo\/image\/"},"sameAs":["https:\/\/www.instagram.com\/edutalent.es\/"]}]}},"_links":{"self":[{"href":"https:\/\/edutalent.es\/ca\/wp-json\/wp\/v2\/docs\/3305","targetHints":{"allow":["GET"]}}],"collection":[{"href":"https:\/\/edutalent.es\/ca\/wp-json\/wp\/v2\/docs"}],"about":[{"href":"https:\/\/edutalent.es\/ca\/wp-json\/wp\/v2\/types\/docs"}],"author":[{"embeddable":true,"href":"https:\/\/edutalent.es\/ca\/wp-json\/wp\/v2\/users\/2"}],"replies":[{"embeddable":true,"href":"https:\/\/edutalent.es\/ca\/wp-json\/wp\/v2\/comments?post=3305"}],"version-history":[{"count":0,"href":"https:\/\/edutalent.es\/ca\/wp-json\/wp\/v2\/docs\/3305\/revisions"}],"wp:attachment":[{"href":"https:\/\/edutalent.es\/ca\/wp-json\/wp\/v2\/media?parent=3305"}],"wp:term":[{"taxonomy":"doc_category","embeddable":true,"href":"https:\/\/edutalent.es\/ca\/wp-json\/wp\/v2\/doc_category?post=3305"},{"taxonomy":"doc_tag","embeddable":true,"href":"https:\/\/edutalent.es\/ca\/wp-json\/wp\/v2\/doc_tag?post=3305"}],"curies":[{"name":"wp","href":"https:\/\/api.w.org\/{rel}","templated":true}]}}