{"id":3277,"date":"2023-04-03T17:34:52","date_gmt":"2023-04-03T17:34:52","guid":{"rendered":"https:\/\/edutalent.es\/politica-de-privadesa\/"},"modified":"2024-12-14T08:38:44","modified_gmt":"2024-12-14T08:38:44","slug":"politica-de-privadesa","status":"publish","type":"page","link":"https:\/\/edutalent.es\/ca\/politica-de-privadesa\/","title":{"rendered":"Pol\u00edtica de privadesa"},"content":{"rendered":"\n<p><strong>1. INFORMACI\u00d3 A L&#8217;USUARI<\/strong><\/p>\n\n<p><strong>\u00bf Qui \u00e9s el responsable del tractament de les teves dades personals?<\/strong><\/p>\n\n<p><strong>FIDCOMMERCE, SL<\/strong> \u00e9s el RESPONSABLE del tractament de les dades personals de l&#8217;USUARI i us informa que aquestes dades seran tractades de conformitat amb el que disposa el Reglament (UE) 2016\/679, de 27 d&#8217;abril (GDPR), i la Llei Org\u00e0nica 3\/2018, del 5 de desembre (LOPDGDD).<\/p>\n\n<p><strong>Per qu\u00e8 tractem les teves dades personals i per qu\u00e8 ho fem?<\/strong><\/p>\n\n<p>Segons el formulari on haguem obtingut les vostres dades personals, les tractarem de manera confidencial per assolir les seg\u00fcents finalitats:<\/p>\n\n<p>Al formulari <strong>Contacte<\/strong><\/p>\n\n<p><img decoding=\"async\" src=\"\" width=\"5\" height=\"5\"\/>  Donar resposta a les consultes o qualsevol tipus de petici\u00f3 que sigui realitzada per l&#8217;usuari a trav\u00e9s de qualsevol de les formes de contacte que es posen a la vostra disposici\u00f3 a la p\u00e0gina web del responsable. ( <em>per l&#8217;inter\u00e8s leg\u00edtim del responsable, art. 6.1.f GDPR<\/em> )<\/p>\n\n<p><img decoding=\"async\" src=\"\" width=\"5\" height=\"5\"\/>  Realitzar an\u00e0lisis estad\u00edstiques i estudis de mercat.<\/p>\n\n<p>( <em>per l&#8217;inter\u00e8s leg\u00edtim del responsable, art. 6.1.f GDPR<\/em> )<\/p>\n\n<p>Al formulari <strong><a href=\"https:\/\/edutalent.es\/ca\/contacte\/\">Contacte<\/a><\/strong><\/p>\n\n<p><img decoding=\"async\" src=\"\" width=\"5\" height=\"5\"\/>  Donar resposta a les consultes o qualsevol tipus de petici\u00f3 que sigui realitzada per l&#8217;usuari a trav\u00e9s de qualsevol de les formes de contacte que es posen a la vostra disposici\u00f3 a la p\u00e0gina web del responsable. ( <em>per l&#8217;inter\u00e8s leg\u00edtim del responsable, art. 6.1.f GDPR<\/em> )<\/p>\n\n<p><img decoding=\"async\" src=\"\" width=\"5\" height=\"5\"\/>  Realitzar an\u00e0lisis estad\u00edstiques i estudis de mercat.<\/p>\n\n<p>( <em>per l&#8217;inter\u00e8s leg\u00edtim del responsable, art. 6.1.f GDPR<\/em> )<\/p>\n\n<p><strong>\u00bf Durant quant de temps guardarem les teves dades personals?<\/strong><\/p>\n\n<p>Es conservaran durant no m\u00e9s temps del necessari per mantenir la fi del tractament o hi hagi prescripcions legals que dictaminin la seva cust\u00f2dia i quan ja no sigui necessari, se suprimiran amb mesures de seguretat adequades per garantir l&#8217;anonimitzaci\u00f3 de les dades o la destrucci\u00f3 total de els mateixos.<\/p>\n\n<p><strong>A qui facilitem les vostres dades personals?<\/strong><\/p>\n\n<p>No est\u00e0 prevista cap comunicaci\u00f3 de dades personals a tercers llevat, si fos necessari per al desenvolupament i execuci\u00f3 de les finalitats del tractament, als nostres prove\u00efdors de serveis relacionats amb comunicacions, amb els quals el RESPONSABLE t\u00e9 subscrits els contractes de confidencialitat i encarregat de tractament exigits per la normativa vigent de privadesa.<\/p>\n\n<p><strong>Quins s\u00f3n els teus drets?<\/strong><\/p>\n\n<p>Els drets que assisteixen a l&#8217;USUARI s\u00f3n:<\/p>\n\n<p>Dret a retirar el consentiment en qualsevol moment.<\/p>\n\n<p>Dret d&#8217;acc\u00e9s, rectificaci\u00f3, portabilitat i supressi\u00f3 de les vostres dades, i de limitaci\u00f3 o oposici\u00f3 al tractament.<\/p>\n\n<p>Dret a presentar una reclamaci\u00f3 davant de l&#8217;autoritat de control (www.aepd.es) si considera que el tractament no s&#8217;ajusta a la normativa vigent.<\/p>\n\n<p><strong>Dades de contacte per exercir els seus drets<\/strong> :<\/p>\n\n<p>FIDCOMMERCE, SL. AVDA. DE FELIP IV, 1 6 C &#8211; 20011 DONOSTIA (SAN SEBASTIAN) (Gipuzkoa).   E-mail: info@edutalent.es<\/p>\n\n<ul class=\"wp-block-list\">\n<li><strong>CAR\u00c0CTER OBLIGATORI O FACULTATIU DE LA INFORMACI\u00d3 FACILITADA PER L&#8217;USUARI<\/strong><\/li>\n<\/ul>\n\n<p>Els USUARIS, mitjan\u00e7ant la marcaci\u00f3 de les caselles corresponents i l&#8217;entrada de dades als camps, marcats amb un asterisc (*) al formulari de contacte o presentats en formularis de desc\u00e0rrega, accepten expressament i de forma lliure i inequ\u00edvoca, que les seves dades s\u00f3n necessaris per atendre la seva petici\u00f3, per part del prestador, i \u00e9s volunt\u00e0ria la inclusi\u00f3 de dades en els camps restants. L&#8217;USUARI garanteix que les dades personals facilitades al RESPONSABLE s\u00f3n veraces i es fa responsable de comunicar-ne qualsevol modificaci\u00f3. <\/p>\n\n<p>El RESPONSABLE informa que totes les dades sol\u00b7licitades a trav\u00e9s del lloc web s\u00f3n obligat\u00f2ries, ja que s\u00f3n necess\u00e0ries per a la prestaci\u00f3 d&#8217;un servei \u00f2ptim a l&#8217;USUARI. En cas que no es facilitin totes les dades, no es garanteix que la informaci\u00f3 i els serveis facilitats siguin completament ajustats a les seves necessitats. <\/p>\n\n<p><strong>3. MESURES DE SEGURETAT<\/strong><\/p>\n\n<p>Que de conformitat amb el que disposen les normatives vigents en protecci\u00f3 de dades personals, el RESPONSABLE est\u00e0 complint amb totes les disposicions de les normatives GDPR i LOPDGDD per al tractament de les dades personals de la seva responsabilitat, i manifestament amb els principis descrits a l&#8217;article 5 del GDPR, pels quals s\u00f3n tractats de manera l\u00edcita, lleial i transparent en relaci\u00f3 amb l&#8217;interessat i adequats, pertinents i limitats al que \u00e9s necessari en relaci\u00f3 amb els fins per als quals s\u00f3n tractats.<\/p>\n\n<p>El RESPONSABLE garanteix que ha implementat pol\u00edtiques t\u00e8cniques i organitzatives apropiades per aplicar les mesures de seguretat que estableixen el GDPR i la LOPDGDD per tal de protegir els drets i les llibertats dels USUARIS i els ha comunicat la informaci\u00f3 adequada perqu\u00e8 puguin exercir-los.<\/p>\n\n<p>Per a m\u00e9s informaci\u00f3 sobre les garanties de privadesa, pots adre\u00e7ar-te al RESPONSABLE a trav\u00e9s de FIDCOMMERCE, SL. AVDA. DE FELIP IV, 1 6 C &#8211; 20011 DONOSTIA (SAN SEBASTIAN) (Gipuzkoa).   E-mail: info@edutalent.es<\/p>\n","protected":false},"excerpt":{"rendered":"<p>1. INFORMACI\u00d3 A L&#8217;USUARI \u00bf Qui \u00e9s el responsable del tractament de les teves dades personals? FIDCOMMERCE, SL \u00e9s el RESPONSABLE del tractament de les dades personals de l&#8217;USUARI i us informa que aquestes dades seran tractades de conformitat amb el que disposa el Reglament (UE) 2016\/679, de 27 d&#8217;abril (GDPR), i la Llei Org\u00e0nica [&hellip;]<\/p>\n","protected":false},"author":1,"featured_media":0,"parent":0,"menu_order":0,"comment_status":"closed","ping_status":"open","template":"","meta":{"site-sidebar-layout":"default","site-content-layout":"","ast-site-content-layout":"default","site-content-style":"default","site-sidebar-style":"default","ast-global-header-display":"","ast-banner-title-visibility":"","ast-main-header-display":"","ast-hfb-above-header-display":"","ast-hfb-below-header-display":"","ast-hfb-mobile-header-display":"","site-post-title":"","ast-breadcrumbs-content":"","ast-featured-img":"","footer-sml-layout":"","theme-transparent-header-meta":"disabled","adv-header-id-meta":"","stick-header-meta":"","header-above-stick-meta":"","header-main-stick-meta":"","header-below-stick-meta":"","astra-migrate-meta-layouts":"default","ast-page-background-enabled":"default","ast-page-background-meta":{"desktop":{"background-color":"var(--ast-global-color-4)","background-image":"","background-repeat":"repeat","background-position":"center center","background-size":"auto","background-attachment":"scroll","background-type":"","background-media":"","overlay-type":"","overlay-color":"","overlay-opacity":"","overlay-gradient":""},"tablet":{"background-color":"","background-image":"","background-repeat":"repeat","background-position":"center center","background-size":"auto","background-attachment":"scroll","background-type":"","background-media":"","overlay-type":"","overlay-color":"","overlay-opacity":"","overlay-gradient":""},"mobile":{"background-color":"","background-image":"","background-repeat":"repeat","background-position":"center center","background-size":"auto","background-attachment":"scroll","background-type":"","background-media":"","overlay-type":"","overlay-color":"","overlay-opacity":"","overlay-gradient":""}},"ast-content-background-meta":{"desktop":{"background-color":"var(--ast-global-color-5)","background-image":"","background-repeat":"repeat","background-position":"center center","background-size":"auto","background-attachment":"scroll","background-type":"","background-media":"","overlay-type":"","overlay-color":"","overlay-opacity":"","overlay-gradient":""},"tablet":{"background-color":"var(--ast-global-color-5)","background-image":"","background-repeat":"repeat","background-position":"center center","background-size":"auto","background-attachment":"scroll","background-type":"","background-media":"","overlay-type":"","overlay-color":"","overlay-opacity":"","overlay-gradient":""},"mobile":{"background-color":"var(--ast-global-color-5)","background-image":"","background-repeat":"repeat","background-position":"center center","background-size":"auto","background-attachment":"scroll","background-type":"","background-media":"","overlay-type":"","overlay-color":"","overlay-opacity":"","overlay-gradient":""}},"footnotes":""},"class_list":["post-3277","page","type-page","status-publish","hentry"],"yoast_head":"<!-- This site is optimized with the Yoast SEO plugin v27.4 - https:\/\/yoast.com\/product\/yoast-seo-wordpress\/ -->\n<title>Pol\u00edtica de privadesa - Edutalent<\/title>\n<meta name=\"robots\" content=\"noindex, follow\" \/>\n<meta property=\"og:locale\" content=\"ca_ES\" \/>\n<meta property=\"og:type\" content=\"article\" \/>\n<meta property=\"og:title\" content=\"Pol\u00edtica de privadesa - Edutalent\" \/>\n<meta property=\"og:description\" content=\"1. INFORMACI\u00d3 A L&#8217;USUARI \u00bf Qui \u00e9s el responsable del tractament de les teves dades personals? FIDCOMMERCE, SL \u00e9s el RESPONSABLE del tractament de les dades personals de l&#8217;USUARI i us informa que aquestes dades seran tractades de conformitat amb el que disposa el Reglament (UE) 2016\/679, de 27 d&#8217;abril (GDPR), i la Llei Org\u00e0nica [&hellip;]\" \/>\n<meta property=\"og:url\" content=\"https:\/\/edutalent.es\/ca\/politica-de-privadesa\/\" \/>\n<meta property=\"og:site_name\" content=\"Edutalent\" \/>\n<meta property=\"article:modified_time\" content=\"2024-12-14T08:38:44+00:00\" \/>\n<meta name=\"twitter:card\" content=\"summary_large_image\" \/>\n<meta name=\"twitter:label1\" content=\"Temps estimat de lectura\" \/>\n\t<meta name=\"twitter:data1\" content=\"4 minuts\" \/>\n<script type=\"application\/ld+json\" class=\"yoast-schema-graph\">{\"@context\":\"https:\\\/\\\/schema.org\",\"@graph\":[{\"@type\":\"WebPage\",\"@id\":\"https:\\\/\\\/edutalent.es\\\/ca\\\/politica-de-privadesa\\\/\",\"url\":\"https:\\\/\\\/edutalent.es\\\/ca\\\/politica-de-privadesa\\\/\",\"name\":\"Pol\u00edtica de privadesa - Edutalent\",\"isPartOf\":{\"@id\":\"https:\\\/\\\/edutalent.es\\\/ca\\\/#website\"},\"datePublished\":\"2023-04-03T17:34:52+00:00\",\"dateModified\":\"2024-12-14T08:38:44+00:00\",\"breadcrumb\":{\"@id\":\"https:\\\/\\\/edutalent.es\\\/ca\\\/politica-de-privadesa\\\/#breadcrumb\"},\"inLanguage\":\"ca\",\"potentialAction\":[{\"@type\":\"ReadAction\",\"target\":[\"https:\\\/\\\/edutalent.es\\\/ca\\\/politica-de-privadesa\\\/\"]}]},{\"@type\":\"BreadcrumbList\",\"@id\":\"https:\\\/\\\/edutalent.es\\\/ca\\\/politica-de-privadesa\\\/#breadcrumb\",\"itemListElement\":[{\"@type\":\"ListItem\",\"position\":1,\"name\":\"Portada\",\"item\":\"https:\\\/\\\/edutalent.es\\\/ca\\\/\"},{\"@type\":\"ListItem\",\"position\":2,\"name\":\"Pol\u00edtica de privadesa\"}]},{\"@type\":\"WebSite\",\"@id\":\"https:\\\/\\\/edutalent.es\\\/ca\\\/#website\",\"url\":\"https:\\\/\\\/edutalent.es\\\/ca\\\/\",\"name\":\"Edutalent\",\"description\":\"SaaS application company\",\"publisher\":{\"@id\":\"https:\\\/\\\/edutalent.es\\\/ca\\\/#organization\"},\"potentialAction\":[{\"@type\":\"SearchAction\",\"target\":{\"@type\":\"EntryPoint\",\"urlTemplate\":\"https:\\\/\\\/edutalent.es\\\/ca\\\/?s={search_term_string}\"},\"query-input\":{\"@type\":\"PropertyValueSpecification\",\"valueRequired\":true,\"valueName\":\"search_term_string\"}}],\"inLanguage\":\"ca\"},{\"@type\":\"Organization\",\"@id\":\"https:\\\/\\\/edutalent.es\\\/ca\\\/#organization\",\"name\":\"Edutalent\",\"url\":\"https:\\\/\\\/edutalent.es\\\/ca\\\/\",\"logo\":{\"@type\":\"ImageObject\",\"inLanguage\":\"ca\",\"@id\":\"https:\\\/\\\/edutalent.es\\\/ca\\\/#\\\/schema\\\/logo\\\/image\\\/\",\"url\":\"https:\\\/\\\/edutalent.es\\\/wp-content\\\/uploads\\\/2023\\\/05\\\/logo-edutalent.png\",\"contentUrl\":\"https:\\\/\\\/edutalent.es\\\/wp-content\\\/uploads\\\/2023\\\/05\\\/logo-edutalent.png\",\"width\":418,\"height\":103,\"caption\":\"Edutalent\"},\"image\":{\"@id\":\"https:\\\/\\\/edutalent.es\\\/ca\\\/#\\\/schema\\\/logo\\\/image\\\/\"},\"sameAs\":[\"https:\\\/\\\/www.instagram.com\\\/edutalent.es\\\/\"]}]}<\/script>\n<!-- \/ Yoast SEO plugin. -->","yoast_head_json":{"title":"Pol\u00edtica de privadesa - Edutalent","robots":{"index":"noindex","follow":"follow"},"og_locale":"ca_ES","og_type":"article","og_title":"Pol\u00edtica de privadesa - Edutalent","og_description":"1. INFORMACI\u00d3 A L&#8217;USUARI \u00bf Qui \u00e9s el responsable del tractament de les teves dades personals? FIDCOMMERCE, SL \u00e9s el RESPONSABLE del tractament de les dades personals de l&#8217;USUARI i us informa que aquestes dades seran tractades de conformitat amb el que disposa el Reglament (UE) 2016\/679, de 27 d&#8217;abril (GDPR), i la Llei Org\u00e0nica [&hellip;]","og_url":"https:\/\/edutalent.es\/ca\/politica-de-privadesa\/","og_site_name":"Edutalent","article_modified_time":"2024-12-14T08:38:44+00:00","twitter_card":"summary_large_image","twitter_misc":{"Temps estimat de lectura":"4 minuts"},"schema":{"@context":"https:\/\/schema.org","@graph":[{"@type":"WebPage","@id":"https:\/\/edutalent.es\/ca\/politica-de-privadesa\/","url":"https:\/\/edutalent.es\/ca\/politica-de-privadesa\/","name":"Pol\u00edtica de privadesa - Edutalent","isPartOf":{"@id":"https:\/\/edutalent.es\/ca\/#website"},"datePublished":"2023-04-03T17:34:52+00:00","dateModified":"2024-12-14T08:38:44+00:00","breadcrumb":{"@id":"https:\/\/edutalent.es\/ca\/politica-de-privadesa\/#breadcrumb"},"inLanguage":"ca","potentialAction":[{"@type":"ReadAction","target":["https:\/\/edutalent.es\/ca\/politica-de-privadesa\/"]}]},{"@type":"BreadcrumbList","@id":"https:\/\/edutalent.es\/ca\/politica-de-privadesa\/#breadcrumb","itemListElement":[{"@type":"ListItem","position":1,"name":"Portada","item":"https:\/\/edutalent.es\/ca\/"},{"@type":"ListItem","position":2,"name":"Pol\u00edtica de privadesa"}]},{"@type":"WebSite","@id":"https:\/\/edutalent.es\/ca\/#website","url":"https:\/\/edutalent.es\/ca\/","name":"Edutalent","description":"SaaS application company","publisher":{"@id":"https:\/\/edutalent.es\/ca\/#organization"},"potentialAction":[{"@type":"SearchAction","target":{"@type":"EntryPoint","urlTemplate":"https:\/\/edutalent.es\/ca\/?s={search_term_string}"},"query-input":{"@type":"PropertyValueSpecification","valueRequired":true,"valueName":"search_term_string"}}],"inLanguage":"ca"},{"@type":"Organization","@id":"https:\/\/edutalent.es\/ca\/#organization","name":"Edutalent","url":"https:\/\/edutalent.es\/ca\/","logo":{"@type":"ImageObject","inLanguage":"ca","@id":"https:\/\/edutalent.es\/ca\/#\/schema\/logo\/image\/","url":"https:\/\/edutalent.es\/wp-content\/uploads\/2023\/05\/logo-edutalent.png","contentUrl":"https:\/\/edutalent.es\/wp-content\/uploads\/2023\/05\/logo-edutalent.png","width":418,"height":103,"caption":"Edutalent"},"image":{"@id":"https:\/\/edutalent.es\/ca\/#\/schema\/logo\/image\/"},"sameAs":["https:\/\/www.instagram.com\/edutalent.es\/"]}]}},"_links":{"self":[{"href":"https:\/\/edutalent.es\/ca\/wp-json\/wp\/v2\/pages\/3277","targetHints":{"allow":["GET"]}}],"collection":[{"href":"https:\/\/edutalent.es\/ca\/wp-json\/wp\/v2\/pages"}],"about":[{"href":"https:\/\/edutalent.es\/ca\/wp-json\/wp\/v2\/types\/page"}],"author":[{"embeddable":true,"href":"https:\/\/edutalent.es\/ca\/wp-json\/wp\/v2\/users\/1"}],"replies":[{"embeddable":true,"href":"https:\/\/edutalent.es\/ca\/wp-json\/wp\/v2\/comments?post=3277"}],"version-history":[{"count":0,"href":"https:\/\/edutalent.es\/ca\/wp-json\/wp\/v2\/pages\/3277\/revisions"}],"wp:attachment":[{"href":"https:\/\/edutalent.es\/ca\/wp-json\/wp\/v2\/media?parent=3277"}],"curies":[{"name":"wp","href":"https:\/\/api.w.org\/{rel}","templated":true}]}}