{"id":3271,"date":"2023-04-03T17:34:52","date_gmt":"2023-04-03T17:34:52","guid":{"rendered":"https:\/\/edutalent.es\/politica-de-privacidade\/"},"modified":"2024-12-14T08:38:43","modified_gmt":"2024-12-14T08:38:43","slug":"politica-de-privacidade","status":"publish","type":"page","link":"https:\/\/edutalent.es\/gl\/politica-de-privacidade\/","title":{"rendered":"Pol\u00edtica de privacidade"},"content":{"rendered":"\n<p><strong>1. INFORMACI\u00d3N AO USUARIO<\/strong><\/p>\n\n<p><strong>Quen \u00e9 o responsable do tratamento dos seus datos persoais?<\/strong><\/p>\n\n<p><strong>FIDCOMMERCE, SL<\/strong> \u00e9 a responsable do tratamento dos datos persoais do USUARIO e inf\u00f3rmalle de que estes datos ser\u00e1n tratados de conformidade co disposto no Regulamento (UE) 2016\/679, do 27 de abril (GDPR), e na Lei org\u00e1nica 3\/2018. , do 5 de decembro (LOPDGDD).<\/p>\n\n<p><strong>Por que tratamos os teus datos persoais e por que o facemos?<\/strong><\/p>\n\n<p>Segundo a forma na que obtivemos os seus datos persoais, tratar\u00e9molos de forma confidencial para acadar os seguintes fins:<\/p>\n\n<p>No formulario <strong>de contacto<\/strong><\/p>\n\n<p><img decoding=\"async\" src=\"\" width=\"5\" height=\"5\"\/>  Atender consultas ou calquera tipo de solicitude que realice o usuario a trav\u00e9s de calquera dos formularios de contacto postos a disposici\u00f3n na p\u00e1xina web do responsable. ( <em>polo interese lex\u00edtimo do responsable, art. 6.1.f GDPR<\/em> )<\/p>\n\n<p><img decoding=\"async\" src=\"\" width=\"5\" height=\"5\"\/>  Realizar an\u00e1lises estat\u00edsticas e estudos de mercado.<\/p>\n\n<p>( <em>polo interese lex\u00edtimo do responsable, art. 6.1.f GDPR<\/em> )<\/p>\n\n<p>No formulario <strong><a href=\"https:\/\/edutalent.es\/gl\/contacto\/\">de contacto<\/a><\/strong><\/p>\n\n<p><img decoding=\"async\" src=\"\" width=\"5\" height=\"5\"\/>  Atender consultas ou calquera tipo de solicitude que realice o usuario a trav\u00e9s de calquera dos formularios de contacto postos a disposici\u00f3n na p\u00e1xina web do responsable. ( <em>polo interese lex\u00edtimo do responsable, art. 6.1.f GDPR<\/em> )<\/p>\n\n<p><img decoding=\"async\" src=\"\" width=\"5\" height=\"5\"\/>  Realizar an\u00e1lises estat\u00edsticas e estudos de mercado.<\/p>\n\n<p>( <em>polo interese lex\u00edtimo do responsable, art. 6.1.f GDPR<\/em> )<\/p>\n\n<p><strong>Canto tempo conservaremos os teus datos persoais?<\/strong><\/p>\n\n<p>Conservaranse durante un tempo non superior ao necesario para manter a finalidade do tratamento ou existan requisitos legais que diten a s\u00faa custodia e cando xa non sexa necesario para iso, eliminaranse coas medidas de seguridade adecuadas para garantir a anonimizaci\u00f3n dos datos. ou a destruci\u00f3n total dos mesmos.<\/p>\n\n<p><strong>A quen lle proporcionamos os seus datos persoais?<\/strong><\/p>\n\n<p>Non est\u00e1 prevista ningunha comunicaci\u00f3n de datos persoais a terceiros salvo, se fose necesario para o desenvolvemento e execuci\u00f3n das finalidades do tratamento, aos nosos prestadores de servizos relacionados coas comunicaci\u00f3ns, cos que o RESPONSABLE te\u00f1a subscritos contratos de confidencialidade e tratamento de datos esixidos pola vixente normativa de privacidade.<\/p>\n\n<p><strong>Cales son os teus dereitos?<\/strong><\/p>\n\n<p>Os dereitos que asisten ao USUARIO son:<\/p>\n\n<p>Dereito a retirar o consentimento en calquera momento.<\/p>\n\n<p>Dereito de acceso, rectificaci\u00f3n, portabilidade e supresi\u00f3n dos seus datos, as\u00ed como de limitaci\u00f3n ou oposici\u00f3n ao seu tratamento.<\/p>\n\n<p>Dereito a presentar unha reclamaci\u00f3n ante a autoridade de control (www.aepd.es) se considera que o tratamento non se axusta \u00e1 normativa vixente.<\/p>\n\n<p><strong>Datos de contacto para exercer os seus dereitos<\/strong> :<\/p>\n\n<p>FIDCOMMERCE, SL. AVDA. DE FELIPE IV, 1 6 C &#8211; 20011 DONOSTIA (SAN SEBASTIAN) (Gipuzkoa). Correo electr\u00f3nico: info@edutalent.es<\/p>\n\n<ul class=\"wp-block-list\">\n<li><strong>CAR\u00c1CTER OBRIGATORIO OU FACULTATIVO DA INFORMACI\u00d3N FACILITADA POLO USUARIO<\/strong><\/li>\n<\/ul>\n\n<p>OS USUARIOS, marcando as casillas correspondentes e introducindo os datos nos campos, marcados cun asterisco (*) no formulario de contacto ou presentados en formularios de descarga, aceptan expresa, libre e inequ\u00edvocamente que os seus datos son necesarios para atender a s\u00faa solicitude, o parte do provedor, sendo voluntaria a inclusi\u00f3n de datos nos restantes campos. O USUARIO garante que os datos persoais facilitados ao RESPONSABLE son certos e \u00e9 responsable de comunicar calquera modificaci\u00f3n dos mesmos.<\/p>\n\n<p>O RESPONSABLE informa que todos os datos solicitados a trav\u00e9s do sitio web son obrigatorios, xa que son necesarios para prestar un servizo \u00f3ptimo ao USUARIO. Se non se facilitan todos os datos, non se garante que a informaci\u00f3n e os servizos prestados estean totalmente adaptados \u00e1s s\u00faas necesidades.<\/p>\n\n<p><strong>3. MEDIDAS DE SEGURIDADE<\/strong><\/p>\n\n<p>Que de conformidade co disposto na normativa vixente en materia de protecci\u00f3n de datos de car\u00e1cter persoal, o RESPONSABLE est\u00e1 cumprindo con todo o disposto na normativa GDPR e LOPDGDD para o tratamento de datos persoais baixo a s\u00faa responsabilidade, e manifestamente cos principios descritos no artigo. 5 do GDPR, polo que se tratan de forma l\u00edcita, xusta e transparente en relaci\u00f3n co interesado e adecuada, pertinente e limitada ao necesario en relaci\u00f3n aos fins para os que son tratadas.<\/p>\n\n<p>O RESPONSABLE garante que implantou pol\u00edticas t\u00e9cnicas e organizativas axeitadas para aplicar as medidas de seguridade establecidas polo GDPR e a LOPDGDD co fin de protexer os dereitos e liberdades dos USUARIOS e comunicoulles a informaci\u00f3n oportuna para que poidan exercelas.<\/p>\n\n<p>Para obter m\u00e1is informaci\u00f3n sobre as garant\u00edas de privacidade, pode po\u00f1erse en contacto co RESPONSABLE a trav\u00e9s de FIDCOMMERCE, SL. AVDA. DE FELIPE IV, 1 6 C &#8211; 20011 DONOSTIA (SAN SEBASTIAN) (Gipuzkoa). Correo electr\u00f3nico: info@edutalent.es<\/p>\n","protected":false},"excerpt":{"rendered":"<p>1. INFORMACI\u00d3N AO USUARIO Quen \u00e9 o responsable do tratamento dos seus datos persoais? FIDCOMMERCE, SL \u00e9 a responsable do tratamento dos datos persoais do USUARIO e inf\u00f3rmalle de que estes datos ser\u00e1n tratados de conformidade co disposto no Regulamento (UE) 2016\/679, do 27 de abril (GDPR), e na Lei org\u00e1nica 3\/2018. , do 5 [&hellip;]<\/p>\n","protected":false},"author":1,"featured_media":0,"parent":0,"menu_order":0,"comment_status":"closed","ping_status":"open","template":"","meta":{"site-sidebar-layout":"default","site-content-layout":"","ast-site-content-layout":"default","site-content-style":"default","site-sidebar-style":"default","ast-global-header-display":"","ast-banner-title-visibility":"","ast-main-header-display":"","ast-hfb-above-header-display":"","ast-hfb-below-header-display":"","ast-hfb-mobile-header-display":"","site-post-title":"","ast-breadcrumbs-content":"","ast-featured-img":"","footer-sml-layout":"","theme-transparent-header-meta":"disabled","adv-header-id-meta":"","stick-header-meta":"","header-above-stick-meta":"","header-main-stick-meta":"","header-below-stick-meta":"","astra-migrate-meta-layouts":"default","ast-page-background-enabled":"default","ast-page-background-meta":{"desktop":{"background-color":"var(--ast-global-color-4)","background-image":"","background-repeat":"repeat","background-position":"center center","background-size":"auto","background-attachment":"scroll","background-type":"","background-media":"","overlay-type":"","overlay-color":"","overlay-opacity":"","overlay-gradient":""},"tablet":{"background-color":"","background-image":"","background-repeat":"repeat","background-position":"center center","background-size":"auto","background-attachment":"scroll","background-type":"","background-media":"","overlay-type":"","overlay-color":"","overlay-opacity":"","overlay-gradient":""},"mobile":{"background-color":"","background-image":"","background-repeat":"repeat","background-position":"center center","background-size":"auto","background-attachment":"scroll","background-type":"","background-media":"","overlay-type":"","overlay-color":"","overlay-opacity":"","overlay-gradient":""}},"ast-content-background-meta":{"desktop":{"background-color":"var(--ast-global-color-5)","background-image":"","background-repeat":"repeat","background-position":"center center","background-size":"auto","background-attachment":"scroll","background-type":"","background-media":"","overlay-type":"","overlay-color":"","overlay-opacity":"","overlay-gradient":""},"tablet":{"background-color":"var(--ast-global-color-5)","background-image":"","background-repeat":"repeat","background-position":"center center","background-size":"auto","background-attachment":"scroll","background-type":"","background-media":"","overlay-type":"","overlay-color":"","overlay-opacity":"","overlay-gradient":""},"mobile":{"background-color":"var(--ast-global-color-5)","background-image":"","background-repeat":"repeat","background-position":"center center","background-size":"auto","background-attachment":"scroll","background-type":"","background-media":"","overlay-type":"","overlay-color":"","overlay-opacity":"","overlay-gradient":""}},"footnotes":""},"class_list":["post-3271","page","type-page","status-publish","hentry"],"yoast_head":"<!-- This site is optimized with the Yoast SEO plugin v27.4 - https:\/\/yoast.com\/product\/yoast-seo-wordpress\/ -->\n<title>Pol\u00edtica de privacidade - Edutalent<\/title>\n<meta name=\"robots\" content=\"noindex, follow\" \/>\n<meta property=\"og:locale\" content=\"gl_ES\" \/>\n<meta property=\"og:type\" content=\"article\" \/>\n<meta property=\"og:title\" content=\"Pol\u00edtica de privacidade - Edutalent\" \/>\n<meta property=\"og:description\" content=\"1. INFORMACI\u00d3N AO USUARIO Quen \u00e9 o responsable do tratamento dos seus datos persoais? FIDCOMMERCE, SL \u00e9 a responsable do tratamento dos datos persoais do USUARIO e inf\u00f3rmalle de que estes datos ser\u00e1n tratados de conformidade co disposto no Regulamento (UE) 2016\/679, do 27 de abril (GDPR), e na Lei org\u00e1nica 3\/2018. , do 5 [&hellip;]\" \/>\n<meta property=\"og:url\" content=\"https:\/\/edutalent.es\/gl\/politica-de-privacidade\/\" \/>\n<meta property=\"og:site_name\" content=\"Edutalent\" \/>\n<meta property=\"article:modified_time\" content=\"2024-12-14T08:38:43+00:00\" \/>\n<meta name=\"twitter:card\" content=\"summary_large_image\" \/>\n<meta name=\"twitter:label1\" content=\"Tempo de lectura\" \/>\n\t<meta name=\"twitter:data1\" content=\"4 minutos\" \/>\n<script type=\"application\/ld+json\" class=\"yoast-schema-graph\">{\"@context\":\"https:\\\/\\\/schema.org\",\"@graph\":[{\"@type\":\"WebPage\",\"@id\":\"https:\\\/\\\/edutalent.es\\\/gl\\\/politica-de-privacidade\\\/\",\"url\":\"https:\\\/\\\/edutalent.es\\\/gl\\\/politica-de-privacidade\\\/\",\"name\":\"Pol\u00edtica de privacidade - Edutalent\",\"isPartOf\":{\"@id\":\"https:\\\/\\\/edutalent.es\\\/gl\\\/#website\"},\"datePublished\":\"2023-04-03T17:34:52+00:00\",\"dateModified\":\"2024-12-14T08:38:43+00:00\",\"breadcrumb\":{\"@id\":\"https:\\\/\\\/edutalent.es\\\/gl\\\/politica-de-privacidade\\\/#breadcrumb\"},\"inLanguage\":\"gl-ES\",\"potentialAction\":[{\"@type\":\"ReadAction\",\"target\":[\"https:\\\/\\\/edutalent.es\\\/gl\\\/politica-de-privacidade\\\/\"]}]},{\"@type\":\"BreadcrumbList\",\"@id\":\"https:\\\/\\\/edutalent.es\\\/gl\\\/politica-de-privacidade\\\/#breadcrumb\",\"itemListElement\":[{\"@type\":\"ListItem\",\"position\":1,\"name\":\"Portada\",\"item\":\"https:\\\/\\\/edutalent.es\\\/gl\\\/\"},{\"@type\":\"ListItem\",\"position\":2,\"name\":\"Pol\u00edtica de privacidade\"}]},{\"@type\":\"WebSite\",\"@id\":\"https:\\\/\\\/edutalent.es\\\/gl\\\/#website\",\"url\":\"https:\\\/\\\/edutalent.es\\\/gl\\\/\",\"name\":\"Edutalent\",\"description\":\"SaaS application company\",\"publisher\":{\"@id\":\"https:\\\/\\\/edutalent.es\\\/gl\\\/#organization\"},\"potentialAction\":[{\"@type\":\"SearchAction\",\"target\":{\"@type\":\"EntryPoint\",\"urlTemplate\":\"https:\\\/\\\/edutalent.es\\\/gl\\\/?s={search_term_string}\"},\"query-input\":{\"@type\":\"PropertyValueSpecification\",\"valueRequired\":true,\"valueName\":\"search_term_string\"}}],\"inLanguage\":\"gl-ES\"},{\"@type\":\"Organization\",\"@id\":\"https:\\\/\\\/edutalent.es\\\/gl\\\/#organization\",\"name\":\"Edutalent\",\"url\":\"https:\\\/\\\/edutalent.es\\\/gl\\\/\",\"logo\":{\"@type\":\"ImageObject\",\"inLanguage\":\"gl-ES\",\"@id\":\"https:\\\/\\\/edutalent.es\\\/gl\\\/#\\\/schema\\\/logo\\\/image\\\/\",\"url\":\"https:\\\/\\\/edutalent.es\\\/wp-content\\\/uploads\\\/2023\\\/05\\\/logo-edutalent.png\",\"contentUrl\":\"https:\\\/\\\/edutalent.es\\\/wp-content\\\/uploads\\\/2023\\\/05\\\/logo-edutalent.png\",\"width\":418,\"height\":103,\"caption\":\"Edutalent\"},\"image\":{\"@id\":\"https:\\\/\\\/edutalent.es\\\/gl\\\/#\\\/schema\\\/logo\\\/image\\\/\"},\"sameAs\":[\"https:\\\/\\\/www.instagram.com\\\/edutalent.es\\\/\"]}]}<\/script>\n<!-- \/ Yoast SEO plugin. -->","yoast_head_json":{"title":"Pol\u00edtica de privacidade - Edutalent","robots":{"index":"noindex","follow":"follow"},"og_locale":"gl_ES","og_type":"article","og_title":"Pol\u00edtica de privacidade - Edutalent","og_description":"1. INFORMACI\u00d3N AO USUARIO Quen \u00e9 o responsable do tratamento dos seus datos persoais? FIDCOMMERCE, SL \u00e9 a responsable do tratamento dos datos persoais do USUARIO e inf\u00f3rmalle de que estes datos ser\u00e1n tratados de conformidade co disposto no Regulamento (UE) 2016\/679, do 27 de abril (GDPR), e na Lei org\u00e1nica 3\/2018. , do 5 [&hellip;]","og_url":"https:\/\/edutalent.es\/gl\/politica-de-privacidade\/","og_site_name":"Edutalent","article_modified_time":"2024-12-14T08:38:43+00:00","twitter_card":"summary_large_image","twitter_misc":{"Tempo de lectura":"4 minutos"},"schema":{"@context":"https:\/\/schema.org","@graph":[{"@type":"WebPage","@id":"https:\/\/edutalent.es\/gl\/politica-de-privacidade\/","url":"https:\/\/edutalent.es\/gl\/politica-de-privacidade\/","name":"Pol\u00edtica de privacidade - Edutalent","isPartOf":{"@id":"https:\/\/edutalent.es\/gl\/#website"},"datePublished":"2023-04-03T17:34:52+00:00","dateModified":"2024-12-14T08:38:43+00:00","breadcrumb":{"@id":"https:\/\/edutalent.es\/gl\/politica-de-privacidade\/#breadcrumb"},"inLanguage":"gl-ES","potentialAction":[{"@type":"ReadAction","target":["https:\/\/edutalent.es\/gl\/politica-de-privacidade\/"]}]},{"@type":"BreadcrumbList","@id":"https:\/\/edutalent.es\/gl\/politica-de-privacidade\/#breadcrumb","itemListElement":[{"@type":"ListItem","position":1,"name":"Portada","item":"https:\/\/edutalent.es\/gl\/"},{"@type":"ListItem","position":2,"name":"Pol\u00edtica de privacidade"}]},{"@type":"WebSite","@id":"https:\/\/edutalent.es\/gl\/#website","url":"https:\/\/edutalent.es\/gl\/","name":"Edutalent","description":"SaaS application company","publisher":{"@id":"https:\/\/edutalent.es\/gl\/#organization"},"potentialAction":[{"@type":"SearchAction","target":{"@type":"EntryPoint","urlTemplate":"https:\/\/edutalent.es\/gl\/?s={search_term_string}"},"query-input":{"@type":"PropertyValueSpecification","valueRequired":true,"valueName":"search_term_string"}}],"inLanguage":"gl-ES"},{"@type":"Organization","@id":"https:\/\/edutalent.es\/gl\/#organization","name":"Edutalent","url":"https:\/\/edutalent.es\/gl\/","logo":{"@type":"ImageObject","inLanguage":"gl-ES","@id":"https:\/\/edutalent.es\/gl\/#\/schema\/logo\/image\/","url":"https:\/\/edutalent.es\/wp-content\/uploads\/2023\/05\/logo-edutalent.png","contentUrl":"https:\/\/edutalent.es\/wp-content\/uploads\/2023\/05\/logo-edutalent.png","width":418,"height":103,"caption":"Edutalent"},"image":{"@id":"https:\/\/edutalent.es\/gl\/#\/schema\/logo\/image\/"},"sameAs":["https:\/\/www.instagram.com\/edutalent.es\/"]}]}},"_links":{"self":[{"href":"https:\/\/edutalent.es\/gl\/wp-json\/wp\/v2\/pages\/3271","targetHints":{"allow":["GET"]}}],"collection":[{"href":"https:\/\/edutalent.es\/gl\/wp-json\/wp\/v2\/pages"}],"about":[{"href":"https:\/\/edutalent.es\/gl\/wp-json\/wp\/v2\/types\/page"}],"author":[{"embeddable":true,"href":"https:\/\/edutalent.es\/gl\/wp-json\/wp\/v2\/users\/1"}],"replies":[{"embeddable":true,"href":"https:\/\/edutalent.es\/gl\/wp-json\/wp\/v2\/comments?post=3271"}],"version-history":[{"count":0,"href":"https:\/\/edutalent.es\/gl\/wp-json\/wp\/v2\/pages\/3271\/revisions"}],"wp:attachment":[{"href":"https:\/\/edutalent.es\/gl\/wp-json\/wp\/v2\/media?parent=3271"}],"curies":[{"name":"wp","href":"https:\/\/api.w.org\/{rel}","templated":true}]}}